{"id":10700,"date":"2023-10-16T17:45:56","date_gmt":"2023-10-16T15:45:56","guid":{"rendered":"https:\/\/cms.zdv.uni-mainz.de\/fb01-eac\/impressum\/"},"modified":"2025-07-28T09:08:23","modified_gmt":"2025-07-28T07:08:23","slug":"legal-notice","status":"publish","type":"page","link":"https:\/\/eac.uni-mainz.de\/en\/legal-notice\/","title":{"rendered":"Legal Notice"},"content":{"rendered":"<jgu-base-pageheader react-props=\"{\n    &quot;items&quot;: [\n        {\n            &quot;box&quot;: {\n                &quot;index&quot;: &quot;&quot;,\n                &quot;title&quot;: &quot;Legal Notice&quot;,\n                &quot;link&quot;: {\n                    &quot;url&quot;: &quot;&quot;,\n                    &quot;title&quot;: &quot;learn more&quot;\n                }\n            },\n            &quot;color&quot;: &quot;dark&quot;,\n            &quot;image&quot;: {\n                &quot;url&quot;: &quot;&quot;\n            },\n            &quot;imgCredit&quot;: &quot;&quot;,\n            &quot;useVideo&quot;: false,\n            &quot;video&quot;: false\n        }\n    ],\n    &quot;type&quot;: &quot;small&quot;,\n    &quot;useBreadcrumb&quot;: true,\n    &quot;align&quot;: &quot;full&quot;,\n    &quot;quicklinks&quot;: {\n        &quot;show&quot;: false,\n        &quot;selects&quot;: []\n    }\n}\">\n<\/jgu-base-pageheader>\n\n<jgu-base-section react-props=\"{&quot;noSpace&quot;:true,&quot;color&quot;:&quot;white&quot;,&quot;align&quot;:&quot;wide&quot;,&quot;padding&quot;:&quot;medium&quot;}\">\n<div class=\"jgu-bgsection bg bg-white\"><div class=\"content padding-medium\"><jgu-base-heading react-props=\"{\n    &quot;tags&quot;: {\n        &quot;htmlTag&quot;: &quot;h2&quot;,\n        &quot;classTag&quot;: &quot;h2&quot;,\n        &quot;tag&quot;: &quot;h2.h2&quot;\n    },\n    &quot;heading&quot;: &quot;Editor&quot;,\n    &quot;textAlign&quot;: &quot;left&quot;,\n    &quot;anchor&quot;: &quot;&quot;,\n    &quot;index&quot;: &quot;&quot;,\n    &quot;color&quot;: &quot;red&quot;\n}\"><\/jgu-base-heading>\n\n\n\n<p>Johannes Gutenberg University Mainz<br>Institute of Geography<br>Johann-Joachim-Becher-Weg 21<br>D 55128 Mainz<\/p>\n\n\n\n<p>The Faculty of Protestant Theology is legally represented by the Dean: <a href=\"mailto:evdekan@uni-mainz.de\">evdekan@uni-mainz.de.<\/a><\/p>\n\n\n\n<div style=\"height:30px\" aria-hidden=\"true\" class=\"wp-block-spacer\"><\/div>\n<\/div><\/div>\n<\/jgu-base-section>\n\n<jgu-base-section react-props=\"{&quot;noSpace&quot;:true,&quot;color&quot;:&quot;white&quot;,&quot;align&quot;:&quot;wide&quot;,&quot;padding&quot;:&quot;medium&quot;}\">\n<div class=\"jgu-bgsection bg bg-white\"><div class=\"content padding-medium\"><jgu-base-heading react-props=\"{\n    &quot;tags&quot;: {\n        &quot;htmlTag&quot;: &quot;h2&quot;,\n        &quot;classTag&quot;: &quot;h2&quot;,\n        &quot;tag&quot;: &quot;h2.h2&quot;\n    },\n    &quot;heading&quot;: &quot;Competent supervisory authority&quot;,\n    &quot;textAlign&quot;: &quot;left&quot;,\n    &quot;anchor&quot;: &quot;&quot;,\n    &quot;index&quot;: &quot;&quot;,\n    &quot;color&quot;: &quot;red&quot;\n}\"><\/jgu-base-heading>\n\n\n\n<p class=\"has-big-font-size\">Ministry of Science and Health of the State of Rhineland-Palatinate<br>[Ministerium f\u00fcr Wissenschaft und Gesundheit des Landes Rheinland-Pfalz]<br>Mittlere Bleiche 61<br>55116 Mainz | GERMANY<\/p>\n\n\n\n<div style=\"height:30px\" aria-hidden=\"true\" class=\"wp-block-spacer\"><\/div>\n<\/div><\/div>\n<\/jgu-base-section>\n\n<jgu-base-section react-props=\"{&quot;noSpace&quot;:true,&quot;color&quot;:&quot;white&quot;,&quot;align&quot;:&quot;wide&quot;,&quot;padding&quot;:&quot;medium&quot;}\">\n<div class=\"jgu-bgsection bg bg-white\"><div class=\"content padding-medium\"><jgu-base-heading react-props=\"{\n    &quot;tags&quot;: {\n        &quot;htmlTag&quot;: &quot;h2&quot;,\n        &quot;classTag&quot;: &quot;h2&quot;,\n        &quot;tag&quot;: &quot;h2.h2&quot;\n    },\n    &quot;heading&quot;: &quot;Editorial staff&quot;,\n    &quot;textAlign&quot;: &quot;left&quot;,\n    &quot;anchor&quot;: &quot;&quot;,\n    &quot;index&quot;: &quot;&quot;,\n    &quot;color&quot;: &quot;red&quot;\n}\"><\/jgu-base-heading>\n\n\n\n<p>Die Webseiten der JGU werden von eigenst\u00e4ndigen, jeweils inhaltlich verantwortlichen Redaktionsteams in den Fachbereichen, Instituten und Einrichtungen betreut.<\/p>\n\n\n\n<p>This website is supervised by Dipl.-Theol. Benedict Totsche.<\/p>\n\n\n\n<p>Phone: <a href=\"tel:+4961313921055\">+49 6131 39 21055<\/a><br>E-mail: <a href=\"mailto:benedict.totsche@uni-mainz.de\">benedict.totsche@uni-mainz.de<\/a><\/p>\n\n\n\n<div style=\"height:30px\" aria-hidden=\"true\" class=\"wp-block-spacer\"><\/div>\n<\/div><\/div>\n<\/jgu-base-section>\n\n<jgu-base-section react-props=\"{&quot;noSpace&quot;:true,&quot;color&quot;:&quot;white&quot;,&quot;align&quot;:&quot;wide&quot;,&quot;padding&quot;:&quot;medium&quot;}\">\n<div class=\"jgu-bgsection bg bg-white\"><div class=\"content padding-medium\"><jgu-base-heading react-props=\"{\n    &quot;tags&quot;: {\n        &quot;htmlTag&quot;: &quot;h2&quot;,\n        &quot;classTag&quot;: &quot;h2&quot;,\n        &quot;tag&quot;: &quot;h2.h2&quot;\n    },\n    &quot;heading&quot;: &quot;Webmaster&quot;,\n    &quot;textAlign&quot;: &quot;left&quot;,\n    &quot;anchor&quot;: &quot;&quot;,\n    &quot;index&quot;: &quot;&quot;,\n    &quot;color&quot;: &quot;red&quot;\n}\"><\/jgu-base-heading>\n\n\n\n<p class=\"has-big-font-size\">Technical questions and suggestions concerning the operation of this website should be directed to the JGU webmaster. You can also get help here in the event of a fault.<\/p>\n\n\n\n<p>E-mail: <a href=\"mailto:benedict.totsche@uni-mainz.de\">benedict.totsche@uni-mainz.de<\/a><\/p>\n\n\n\n<div style=\"height:30px\" aria-hidden=\"true\" class=\"wp-block-spacer\"><\/div>\n<\/div><\/div>\n<\/jgu-base-section>\n\n<jgu-base-section react-props=\"{&quot;noSpace&quot;:true,&quot;color&quot;:&quot;white&quot;,&quot;align&quot;:&quot;wide&quot;,&quot;padding&quot;:&quot;medium&quot;}\">\n<div class=\"jgu-bgsection bg bg-white\"><div class=\"content padding-medium\"><jgu-base-heading react-props=\"{\n    &quot;tags&quot;: {\n        &quot;htmlTag&quot;: &quot;h2&quot;,\n        &quot;classTag&quot;: &quot;h2&quot;,\n        &quot;tag&quot;: &quot;h2.h2&quot;\n    },\n    &quot;heading&quot;: &quot;Layout&quot;,\n    &quot;textAlign&quot;: &quot;left&quot;,\n    &quot;anchor&quot;: &quot;&quot;,\n    &quot;index&quot;: &quot;&quot;,\n    &quot;color&quot;: &quot;red&quot;\n}\"><\/jgu-base-heading>\n\n\n\n<p class=\"has-big-font-size\"><a href=\"https:\/\/www.360vier.de\/\">360VIER<\/a><\/p>\n\n\n\n<div style=\"height:30px\" aria-hidden=\"true\" class=\"wp-block-spacer\"><\/div>\n<\/div><\/div>\n<\/jgu-base-section>\n\n<jgu-base-section react-props=\"{&quot;noSpace&quot;:true,&quot;color&quot;:&quot;white&quot;,&quot;align&quot;:&quot;wide&quot;,&quot;padding&quot;:&quot;medium&quot;}\">\n<div class=\"jgu-bgsection bg bg-white\"><div class=\"content padding-medium\"><jgu-base-heading react-props=\"{\n    &quot;tags&quot;: {\n        &quot;htmlTag&quot;: &quot;h2&quot;,\n        &quot;classTag&quot;: &quot;h2&quot;,\n        &quot;tag&quot;: &quot;h2.h2&quot;\n    },\n    &quot;heading&quot;: &quot;Template&quot;,\n    &quot;textAlign&quot;: &quot;left&quot;,\n    &quot;anchor&quot;: &quot;&quot;,\n    &quot;index&quot;: &quot;&quot;,\n    &quot;color&quot;: &quot;red&quot;\n}\"><\/jgu-base-heading>\n\n\n\n<p class=\"has-big-font-size\">The template was created by Doris Franke Dipl. Designer (FH) | Faculty 10: Biology<br>in cooperation with the &#8216;Early Adopters Group&#8217; of the faculties. <\/p>\n\n\n\n<p class=\"has-big-font-size\">Coordination: Prof. Franz Rothlauf (CIO) and Dr. Davina Hachgenei | President&#8217;s Office and Central Administration<\/p>\n\n\n\n<p class=\"has-big-font-size\">IT support: Thomas Ottenhus, ZDV Development, Anja Slowinski and Michael Behrens, ZDV Application and employees | ZDV<\/p>\n\n\n\n<p class=\"has-big-font-size\">Design, overall content concept and implementation: Doris Franke, Dipl. Designer (FH) | Faculty 10: Biology<\/p>\n\n\n\n<p class=\"has-big-font-size\">Design and content concept of the pages &#8216;Continuing Education&#8217; and &#8216;International Affairs&#8217;: Markus Wiedmann | Faculty 06 Translation, Linguistics and Cultural Studies<\/p>\n\n\n\n<p class=\"has-big-font-size\">Contributors: Kai Pastor | Faculty 03: Law, Business and Economics, Berenike Jakob | Student Assistant<\/p>\n\n\n\n<div style=\"height:30px\" aria-hidden=\"true\" class=\"wp-block-spacer\"><\/div>\n<\/div><\/div>\n<\/jgu-base-section>\n\n<jgu-base-section react-props=\"{&quot;noSpace&quot;:true,&quot;color&quot;:&quot;white&quot;,&quot;align&quot;:&quot;wide&quot;,&quot;padding&quot;:&quot;medium&quot;}\">\n<div class=\"jgu-bgsection bg bg-white\"><div class=\"content padding-medium\"><jgu-base-heading react-props=\"{\n    &quot;anchor&quot;: &quot;bildnachweise&quot;,\n    &quot;tags&quot;: {\n        &quot;htmlTag&quot;: &quot;h2&quot;,\n        &quot;classTag&quot;: &quot;h2&quot;,\n        &quot;tag&quot;: &quot;h2.h2&quot;\n    },\n    &quot;heading&quot;: &quot;Photos \\\/ Illustrations &quot;,\n    &quot;textAlign&quot;: &quot;left&quot;,\n    &quot;index&quot;: &quot;&quot;,\n    &quot;color&quot;: &quot;red&quot;\n}\"><\/jgu-base-heading>\n\n\n\n<p class=\"has-big-font-size\">Photos: Adobe Stock | \u00a0<a href=\"https:\/\/stock.adobe.com\/\">https:\/\/stock.adobe.com<\/a>: Jacob-Lund, Robert-Kneschke, EFStock, Yuliia, Julia-Jones, VERTEX-SPACE, prostock-studio, Liubomir<br>Illustrations: Rebekka Weimer | <a href=\"https:\/\/www.rebekka-schoenefuss.de\/index.php\/about\" target=\"_blank\" rel=\"noreferrer noopener\">\u00a9 Rebekka Sch\u00f6nefu\u00df Graphic Design\/ Illustration<\/a><\/p>\n\n\n\n<div style=\"height:30px\" aria-hidden=\"true\" class=\"wp-block-spacer\"><\/div>\n<\/div><\/div>\n<\/jgu-base-section>\n\n<jgu-base-section react-props=\"{&quot;noSpace&quot;:true,&quot;color&quot;:&quot;white&quot;,&quot;align&quot;:&quot;wide&quot;,&quot;padding&quot;:&quot;medium&quot;}\">\n<div class=\"jgu-bgsection bg bg-white\"><div class=\"content padding-medium\"><jgu-base-heading react-props=\"{\n    &quot;tags&quot;: {\n        &quot;htmlTag&quot;: &quot;h2&quot;,\n        &quot;classTag&quot;: &quot;h2&quot;,\n        &quot;tag&quot;: &quot;h2.h2&quot;\n    },\n    &quot;heading&quot;: &quot;Links to social networks&quot;,\n    &quot;textAlign&quot;: &quot;left&quot;,\n    &quot;anchor&quot;: &quot;&quot;,\n    &quot;index&quot;: &quot;&quot;,\n    &quot;color&quot;: &quot;red&quot;\n}\"><\/jgu-base-heading>\n\n\n\n<p class=\"has-big-font-size\"><\/p>\n\n\n\n<p class=\"has-big-font-size\">The web pages of JGU and our institution<strong> <\/strong>do not use social plugins and are thus following a recommendation by the State Commissioner for Data Protection and Freedom of Information of Rhineland-Palatinate. Links to social networks from the JGU website use a simple image element and a manually set URL. In contrast to social plug-ins, our image\/link elements do not supply any form of personal data such as IP addresses to these or other networks.<\/p>\n\n\n\n<p class=\"has-big-font-size\"><strong>Please note:<\/strong> Subdomains run by faculties, departments, work groups, student councils, etc. may employ social plug-ins. This is then noted accordingly in the imprint of the respective web page. As the provider of the JGU website, we expressly draw your attention to the fact that we have no knowledge of the extent and nature of the data transferred to these providers and services nor are we aware of how they use this data. Please check the pivacy statement of the respective social network(s) for further information. If you would like to prevent social media providers from assigning your visit to our website to your user account, please log out of your social media accounts before visiting our website. <\/p>\n\n\n\n<div style=\"height:30px\" aria-hidden=\"true\" class=\"wp-block-spacer\"><\/div>\n<\/div><\/div>\n<\/jgu-base-section>\n\n<jgu-base-section react-props=\"{&quot;noSpace&quot;:true,&quot;color&quot;:&quot;white&quot;,&quot;align&quot;:&quot;wide&quot;,&quot;padding&quot;:&quot;medium&quot;}\">\n<div class=\"jgu-bgsection bg bg-white\"><div class=\"content padding-medium\"><jgu-base-heading react-props=\"{\n    &quot;tags&quot;: {\n        &quot;htmlTag&quot;: &quot;h2&quot;,\n        &quot;classTag&quot;: &quot;h2&quot;,\n        &quot;tag&quot;: &quot;h2.h2&quot;\n    },\n    &quot;heading&quot;: &quot;Accessibility&quot;,\n    &quot;textAlign&quot;: &quot;left&quot;,\n    &quot;anchor&quot;: &quot;&quot;,\n    &quot;index&quot;: &quot;&quot;,\n    &quot;color&quot;: &quot;red&quot;\n}\"><\/jgu-base-heading>\n\n\n\n<p class=\"has-big-font-size\">We endeavor to keep our web pages as barrier-free as possible in accordance with the Ordinance on the Creation of Barrier-free Information Technology under the German Federal Act on the Elimination of Discrimination against People with Disabilities (BITV).  <a href=\"https:\/\/www.uni-mainz.de\/barrierefreiheit\">Further information is available in the JGU accessibility statement.<\/a><\/p>\n\n\n\n<div style=\"height:30px\" aria-hidden=\"true\" class=\"wp-block-spacer\"><\/div>\n<\/div><\/div>\n<\/jgu-base-section>\n\n<jgu-base-section react-props=\"{&quot;noSpace&quot;:true,&quot;color&quot;:&quot;white&quot;,&quot;align&quot;:&quot;wide&quot;,&quot;padding&quot;:&quot;medium&quot;}\">\n<div class=\"jgu-bgsection bg bg-white\"><div class=\"content padding-medium\"><jgu-base-heading react-props=\"{\n    &quot;tags&quot;: {\n        &quot;htmlTag&quot;: &quot;h2&quot;,\n        &quot;classTag&quot;: &quot;h2&quot;,\n        &quot;tag&quot;: &quot;h2.h2&quot;\n    },\n    &quot;heading&quot;: &quot;Copyright&quot;,\n    &quot;textAlign&quot;: &quot;left&quot;,\n    &quot;anchor&quot;: &quot;&quot;,\n    &quot;index&quot;: &quot;&quot;,\n    &quot;color&quot;: &quot;red&quot;\n}\"><\/jgu-base-heading>\n\n\n\n<p class=\"has-big-font-size\"><em>Copyright (c) 2023, Johannes Gutenberg University Mainz. All rights reserved.<\/em><\/p>\n\n\n\n<p class=\"has-big-font-size\">All content of the Johannes Gutenberg University Mainz website is protected by copyright. Copying, modifying, translating, saving, processing, and\/or reproducing contents in databases or other electronic media and systems requires the approval of the copyright holder. We expressly permit the photocopying and downloading our websites for private, academic, and non-commercial use. Johannes Gutenberg University Mainz will seek punishment for all violations of copyrights.<\/p>\n\n\n\n<p class=\"has-big-font-size\">We explicitly allow quoting from our documents and webpages and welcome you to link to our sites.<\/p>\n\n\n\n<div style=\"height:30px\" aria-hidden=\"true\" class=\"wp-block-spacer\"><\/div>\n<\/div><\/div>\n<\/jgu-base-section>\n\n<jgu-base-section react-props=\"{&quot;noSpace&quot;:true,&quot;color&quot;:&quot;white&quot;,&quot;align&quot;:&quot;wide&quot;,&quot;padding&quot;:&quot;medium&quot;}\">\n<div class=\"jgu-bgsection bg bg-white\"><div class=\"content padding-medium\"><jgu-base-heading react-props=\"{\n    &quot;tags&quot;: {\n        &quot;htmlTag&quot;: &quot;h2&quot;,\n        &quot;classTag&quot;: &quot;h2&quot;,\n        &quot;tag&quot;: &quot;h2.h2&quot;\n    },\n    &quot;heading&quot;: &quot;Liability \\\/ Disclaimer&quot;,\n    &quot;textAlign&quot;: &quot;left&quot;,\n    &quot;anchor&quot;: &quot;&quot;,\n    &quot;index&quot;: &quot;&quot;,\n    &quot;color&quot;: &quot;red&quot;\n}\"><\/jgu-base-heading>\n\n\n\n<p class=\"has-big-font-size\">Johannes Gutenberg University Mainz endeavors to ensure that the information provided on its website is correct and up-to-date. Nevertheless, we cannot exclude potential errors and ambiguities. Johannes Gutenberg University Mainz assumes no responsibility for the currentness, correctness, completeness, or quality of the information contained herein.<\/p>\n\n\n\n<p class=\"has-big-font-size\">Johannes Gutenberg University Mainz is not liable for material or immaterial damage or losses that are caused directly or indirectly through the use or non-use of the information presented, unless Johannes Gutenberg University Mainz can be charged with willful or negligent intent.<\/p>\n\n\n\n<p class=\"has-big-font-size\">Johannes Gutenberg University Mainz reserves the right to change, supplement, or delete its website, in part or in whole, without prior notice, or to remove publication from the internet temporarily or permanently.<\/p>\n\n\n\n<p class=\"has-big-font-size\">The website of Johannes Gutenberg University Mainz contains direct or indirect links to external web pages of third parties over whose content Johannes Gutenberg University Mainz has no influence. Die Verantwortlichkeit f\u00fcr diese fremden Inhalte liegt bei der\/dem jeweiligen Anbieter*in oder Betreiber*in der Webseiten. Johannes Gutenberg University Mainz has no knowledge of illegal or offensive content on the web pages of other providers linked to its website. Zum Zeitpunkt der jeweiligen Verlinkung dieser Webseiten wurde eine \u00dcberpr\u00fcfung auf m\u00f6gliche Rechtsverst\u00f6\u00dfe vorgenommen, wobei in diesem Zusammenhang keine rechtswidrigen oder anst\u00f6\u00dfigen Inhalte erkennbar waren. If the pages of external providers for which we provide links contain illegal or offensive content, Johannes Gutenberg University Mainz expressly distances itself from this content and will immediately remove the link in question as soon as we become aware of it.<\/p>\n\n\n\n<div style=\"height:29px\" aria-hidden=\"true\" class=\"wp-block-spacer\"><\/div>\n<\/div><\/div>\n<\/jgu-base-section>    <div style=\"display: none\">\n        \n    <\/div>","protected":false},"excerpt":{"rendered":"","protected":false},"author":1,"featured_media":0,"parent":0,"menu_order":0,"comment_status":"closed","ping_status":"closed","template":"","meta":{"footnotes":""},"categories":[],"tags":[],"class_list":["post-10700","page","type-page","status-publish","hentry"],"content_raw":"<!-- wp:jgu\/pageheader {\"items\":[{\"box\":{\"index\":\"\",\"title\":\"Legal Notice\",\"link\":{\"url\":\"\",\"title\":\"learn more\"}},\"color\":\"dark\",\"image\":{\"url\":\"\"},\"imgCredit\":\"\",\"useVideo\":false,\"video\":false}],\"type\":\"small\",\"useBreadcrumb\":true} \/-->\n\n<!-- wp:jgu\/section {\"noSpace\": true, \"color\": \"white\"} -->\n<div class=\"jgu-bgsection bg bg-white\"><div class=\"content padding-medium\"><!-- wp:jgu\/heading {\"tags\":{\"htmlTag\":\"h2\",\"classTag\":\"h2\",\"tag\":\"h2.h2\"},\"heading\":\"Editor\"} \/-->\n\n<!-- wp:paragraph -->\n<p>Johannes Gutenberg University Mainz<br>Institute of Geography<br>Johann-Joachim-Becher-Weg 21<br>D 55128 Mainz<\/p>\n<!-- \/wp:paragraph -->\n\n<!-- wp:paragraph -->\n<p>The Faculty of Protestant Theology is legally represented by the Dean: <a href=\"mailto:evdekan@uni-mainz.de\">evdekan@uni-mainz.de.<\/a><\/p>\n<!-- \/wp:paragraph -->\n\n<!-- wp:spacer {\"height\":\"30px\"} -->\n<div style=\"height:30px\" aria-hidden=\"true\" class=\"wp-block-spacer\"><\/div>\n<!-- \/wp:spacer --><\/div><\/div>\n<!-- \/wp:jgu\/section -->\n\n<!-- wp:jgu\/section {\"noSpace\": true, \"color\": \"white\"} -->\n<div class=\"jgu-bgsection bg bg-white\"><div class=\"content padding-medium\"><!-- wp:jgu\/heading {\"tags\":{\"htmlTag\":\"h2\",\"classTag\":\"h2\",\"tag\":\"h2.h2\"},\"heading\":\"Competent supervisory authority\"} \/-->\n\n<!-- wp:paragraph {\"className\":\"has-big-font-size\"} -->\n<p class=\"has-big-font-size\">Ministry of Science and Health of the State of Rhineland-Palatinate<br>[Ministerium f\u00fcr Wissenschaft und Gesundheit des Landes Rheinland-Pfalz]<br>Mittlere Bleiche 61<br>55116 Mainz | GERMANY<\/p>\n<!-- \/wp:paragraph -->\n\n<!-- wp:spacer {\"height\":\"30px\"} -->\n<div style=\"height:30px\" aria-hidden=\"true\" class=\"wp-block-spacer\"><\/div>\n<!-- \/wp:spacer --><\/div><\/div>\n<!-- \/wp:jgu\/section -->\n\n<!-- wp:jgu\/section {\"noSpace\": true, \"color\": \"white\"} -->\n<div class=\"jgu-bgsection bg bg-white\"><div class=\"content padding-medium\"><!-- wp:jgu\/heading {\"tags\":{\"htmlTag\":\"h2\",\"classTag\":\"h2\",\"tag\":\"h2.h2\"},\"heading\":\"Editorial staff\"} \/-->\n\n<!-- wp:paragraph -->\n<p>Die Webseiten der JGU werden von eigenst\u00e4ndigen, jeweils inhaltlich verantwortlichen Redaktionsteams in den Fachbereichen, Instituten und Einrichtungen betreut.<\/p>\n<!-- \/wp:paragraph -->\n\n<!-- wp:paragraph -->\n<p>This website is supervised by Dipl.-Theol. Benedict Totsche.<\/p>\n<!-- \/wp:paragraph -->\n\n<!-- wp:paragraph -->\n<p>Phone: <a href=\"tel:+4961313921055\">+49 6131 39 21055<\/a><br>E-mail: <a href=\"mailto:benedict.totsche@uni-mainz.de\">benedict.totsche@uni-mainz.de<\/a><\/p>\n<!-- \/wp:paragraph -->\n\n<!-- wp:spacer {\"height\":\"30px\"} -->\n<div style=\"height:30px\" aria-hidden=\"true\" class=\"wp-block-spacer\"><\/div>\n<!-- \/wp:spacer --><\/div><\/div>\n<!-- \/wp:jgu\/section -->\n\n<!-- wp:jgu\/section {\"noSpace\": true, \"color\": \"white\"} -->\n<div class=\"jgu-bgsection bg bg-white\"><div class=\"content padding-medium\"><!-- wp:jgu\/heading {\"tags\":{\"htmlTag\":\"h2\",\"classTag\":\"h2\",\"tag\":\"h2.h2\"},\"heading\":\"Webmaster\"} \/-->\n\n<!-- wp:paragraph {\"className\":\"has-big-font-size\"} -->\n<p class=\"has-big-font-size\">Technical questions and suggestions concerning the operation of this website should be directed to the JGU webmaster. You can also get help here in the event of a fault.<\/p>\n<!-- \/wp:paragraph -->\n\n<!-- wp:paragraph -->\n<p>E-mail: <a href=\"mailto:benedict.totsche@uni-mainz.de\">benedict.totsche@uni-mainz.de<\/a><\/p>\n<!-- \/wp:paragraph -->\n\n<!-- wp:spacer {\"height\":\"30px\"} -->\n<div style=\"height:30px\" aria-hidden=\"true\" class=\"wp-block-spacer\"><\/div>\n<!-- \/wp:spacer --><\/div><\/div>\n<!-- \/wp:jgu\/section -->\n\n<!-- wp:jgu\/section {\"noSpace\": true, \"color\": \"white\"} -->\n<div class=\"jgu-bgsection bg bg-white\"><div class=\"content padding-medium\"><!-- wp:jgu\/heading {\"tags\":{\"htmlTag\":\"h2\",\"classTag\":\"h2\",\"tag\":\"h2.h2\"},\"heading\":\"Layout\"} \/-->\n\n<!-- wp:paragraph {\"className\":\"has-big-font-size\"} -->\n<p class=\"has-big-font-size\"><a href=\"https:\/\/www.360vier.de\/\">360VIER<\/a><\/p>\n<!-- \/wp:paragraph -->\n\n<!-- wp:spacer {\"height\":\"30px\"} -->\n<div style=\"height:30px\" aria-hidden=\"true\" class=\"wp-block-spacer\"><\/div>\n<!-- \/wp:spacer --><\/div><\/div>\n<!-- \/wp:jgu\/section -->\n\n<!-- wp:jgu\/section {\"noSpace\": true, \"color\": \"white\"} -->\n<div class=\"jgu-bgsection bg bg-white\"><div class=\"content padding-medium\"><!-- wp:jgu\/heading {\"tags\":{\"htmlTag\":\"h2\",\"classTag\":\"h2\",\"tag\":\"h2.h2\"},\"heading\":\"Template\"} \/-->\n\n<!-- wp:paragraph {\"className\":\"has-big-font-size\"} -->\n<p class=\"has-big-font-size\">The template was created by Doris Franke Dipl. Designer (FH) | Faculty 10: Biology<br>in cooperation with the 'Early Adopters Group' of the faculties. <\/p>\n<!-- \/wp:paragraph -->\n\n<!-- wp:paragraph {\"className\":\"has-big-font-size\"} -->\n<p class=\"has-big-font-size\">Coordination: Prof. Franz Rothlauf (CIO) and Dr. Davina Hachgenei | President's Office and Central Administration<\/p>\n<!-- \/wp:paragraph -->\n\n<!-- wp:paragraph {\"className\":\"has-big-font-size\"} -->\n<p class=\"has-big-font-size\">IT support: Thomas Ottenhus, ZDV Development, Anja Slowinski and Michael Behrens, ZDV Application and employees | ZDV<\/p>\n<!-- \/wp:paragraph -->\n\n<!-- wp:paragraph {\"className\":\"has-big-font-size\"} -->\n<p class=\"has-big-font-size\">Design, overall content concept and implementation: Doris Franke, Dipl. Designer (FH) | Faculty 10: Biology<\/p>\n<!-- \/wp:paragraph -->\n\n<!-- wp:paragraph {\"className\":\"has-big-font-size\"} -->\n<p class=\"has-big-font-size\">Design and content concept of the pages 'Continuing Education' and 'International Affairs': Markus Wiedmann | Faculty 06 Translation, Linguistics and Cultural Studies<\/p>\n<!-- \/wp:paragraph -->\n\n<!-- wp:paragraph {\"className\":\"has-big-font-size\"} -->\n<p class=\"has-big-font-size\">Contributors: Kai Pastor | Faculty 03: Law, Business and Economics, Berenike Jakob | Student Assistant<\/p>\n<!-- \/wp:paragraph -->\n\n<!-- wp:spacer {\"height\":\"30px\"} -->\n<div style=\"height:30px\" aria-hidden=\"true\" class=\"wp-block-spacer\"><\/div>\n<!-- \/wp:spacer --><\/div><\/div>\n<!-- \/wp:jgu\/section -->\n\n<!-- wp:jgu\/section {\"noSpace\": true, \"color\": \"white\"} -->\n<div class=\"jgu-bgsection bg bg-white\"><div class=\"content padding-medium\"><!-- wp:jgu\/heading {\"anchor\":\"bildnachweise\",\"tags\":{\"htmlTag\":\"h2\",\"classTag\":\"h2\",\"tag\":\"h2.h2\"},\"heading\":\"Photos \/ Illustrations \"} \/-->\n\n<!-- wp:paragraph {\"className\":\"has-big-font-size\"} -->\n<p class=\"has-big-font-size\">Photos: Adobe Stock | \u00a0<a href=\"https:\/\/stock.adobe.com\/\">https:\/\/stock.adobe.com<\/a>: Jacob-Lund, Robert-Kneschke, EFStock, Yuliia, Julia-Jones, VERTEX-SPACE, prostock-studio, Liubomir<br>Illustrations: Rebekka Weimer | <a href=\"https:\/\/www.rebekka-schoenefuss.de\/index.php\/about\" target=\"_blank\" rel=\"noreferrer noopener\">\u00a9 Rebekka Sch\u00f6nefu\u00df Graphic Design\/ Illustration<\/a><\/p>\n<!-- \/wp:paragraph -->\n\n<!-- wp:spacer {\"height\":\"30px\"} -->\n<div style=\"height:30px\" aria-hidden=\"true\" class=\"wp-block-spacer\"><\/div>\n<!-- \/wp:spacer --><\/div><\/div>\n<!-- \/wp:jgu\/section -->\n\n<!-- wp:jgu\/section {\"noSpace\": true, \"color\": \"white\"} -->\n<div class=\"jgu-bgsection bg bg-white\"><div class=\"content padding-medium\"><!-- wp:jgu\/heading {\"tags\":{\"htmlTag\":\"h2\",\"classTag\":\"h2\",\"tag\":\"h2.h2\"},\"heading\":\"Links to social networks\"} \/-->\n\n<!-- wp:paragraph {\"className\":\"has-big-font-size\"} -->\n<p class=\"has-big-font-size\"><\/p>\n<!-- \/wp:paragraph -->\n\n<!-- wp:paragraph {\"className\":\"has-big-font-size\"} -->\n<p class=\"has-big-font-size\">The web pages of JGU and our institution<strong> <\/strong>do not use social plugins and are thus following a recommendation by the State Commissioner for Data Protection and Freedom of Information of Rhineland-Palatinate. Links to social networks from the JGU website use a simple image element and a manually set URL. In contrast to social plug-ins, our image\/link elements do not supply any form of personal data such as IP addresses to these or other networks.<\/p>\n<!-- \/wp:paragraph -->\n\n<!-- wp:paragraph {\"className\":\"has-big-font-size\"} -->\n<p class=\"has-big-font-size\"><strong>Please note:<\/strong> Subdomains run by faculties, departments, work groups, student councils, etc. may employ social plug-ins. This is then noted accordingly in the imprint of the respective web page. As the provider of the JGU website, we expressly draw your attention to the fact that we have no knowledge of the extent and nature of the data transferred to these providers and services nor are we aware of how they use this data. Please check the pivacy statement of the respective social network(s) for further information. If you would like to prevent social media providers from assigning your visit to our website to your user account, please log out of your social media accounts before visiting our website. <\/p>\n<!-- \/wp:paragraph -->\n\n<!-- wp:spacer {\"height\":\"30px\"} -->\n<div style=\"height:30px\" aria-hidden=\"true\" class=\"wp-block-spacer\"><\/div>\n<!-- \/wp:spacer --><\/div><\/div>\n<!-- \/wp:jgu\/section -->\n\n<!-- wp:jgu\/section {\"noSpace\": true, \"color\": \"white\"} -->\n<div class=\"jgu-bgsection bg bg-white\"><div class=\"content padding-medium\"><!-- wp:jgu\/heading {\"tags\":{\"htmlTag\":\"h2\",\"classTag\":\"h2\",\"tag\":\"h2.h2\"},\"heading\":\"Accessibility\"} \/-->\n\n<!-- wp:paragraph {\"className\":\"has-big-font-size\"} -->\n<p class=\"has-big-font-size\">We endeavor to keep our web pages as barrier-free as possible in accordance with the Ordinance on the Creation of Barrier-free Information Technology under the German Federal Act on the Elimination of Discrimination against People with Disabilities (BITV).  <a href=\"https:\/\/www.uni-mainz.de\/barrierefreiheit\">Further information is available in the JGU accessibility statement.<\/a><\/p>\n<!-- \/wp:paragraph -->\n\n<!-- wp:spacer {\"height\":\"30px\"} -->\n<div style=\"height:30px\" aria-hidden=\"true\" class=\"wp-block-spacer\"><\/div>\n<!-- \/wp:spacer --><\/div><\/div>\n<!-- \/wp:jgu\/section -->\n\n<!-- wp:jgu\/section {\"noSpace\": true, \"color\": \"white\"} -->\n<div class=\"jgu-bgsection bg bg-white\"><div class=\"content padding-medium\"><!-- wp:jgu\/heading {\"tags\":{\"htmlTag\":\"h2\",\"classTag\":\"h2\",\"tag\":\"h2.h2\"},\"heading\":\"Copyright\"} \/-->\n\n<!-- wp:paragraph {\"className\":\"has-big-font-size\"} -->\n<p class=\"has-big-font-size\"><em>Copyright (c) 2023, Johannes Gutenberg University Mainz. All rights reserved.<\/em><\/p>\n<!-- \/wp:paragraph -->\n\n<!-- wp:paragraph {\"className\":\"has-big-font-size\"} -->\n<p class=\"has-big-font-size\">All content of the Johannes Gutenberg University Mainz website is protected by copyright. Copying, modifying, translating, saving, processing, and\/or reproducing contents in databases or other electronic media and systems requires the approval of the copyright holder. We expressly permit the photocopying and downloading our websites for private, academic, and non-commercial use. Johannes Gutenberg University Mainz will seek punishment for all violations of copyrights.<\/p>\n<!-- \/wp:paragraph -->\n\n<!-- wp:paragraph {\"className\":\"has-big-font-size\"} -->\n<p class=\"has-big-font-size\">We explicitly allow quoting from our documents and webpages and welcome you to link to our sites.<\/p>\n<!-- \/wp:paragraph -->\n\n<!-- wp:spacer {\"height\":\"30px\"} -->\n<div style=\"height:30px\" aria-hidden=\"true\" class=\"wp-block-spacer\"><\/div>\n<!-- \/wp:spacer --><\/div><\/div>\n<!-- \/wp:jgu\/section -->\n\n<!-- wp:jgu\/section {\"noSpace\": true, \"color\": \"white\"} -->\n<div class=\"jgu-bgsection bg bg-white\"><div class=\"content padding-medium\"><!-- wp:jgu\/heading {\"tags\":{\"htmlTag\":\"h2\",\"classTag\":\"h2\",\"tag\":\"h2.h2\"},\"heading\":\"Liability \/ Disclaimer\"} \/-->\n\n<!-- wp:paragraph {\"className\":\"has-big-font-size\"} -->\n<p class=\"has-big-font-size\">Johannes Gutenberg University Mainz endeavors to ensure that the information provided on its website is correct and up-to-date. Nevertheless, we cannot exclude potential errors and ambiguities. Johannes Gutenberg University Mainz assumes no responsibility for the currentness, correctness, completeness, or quality of the information contained herein.<\/p>\n<!-- \/wp:paragraph -->\n\n<!-- wp:paragraph {\"className\":\"has-big-font-size\"} -->\n<p class=\"has-big-font-size\">Johannes Gutenberg University Mainz is not liable for material or immaterial damage or losses that are caused directly or indirectly through the use or non-use of the information presented, unless Johannes Gutenberg University Mainz can be charged with willful or negligent intent.<\/p>\n<!-- \/wp:paragraph -->\n\n<!-- wp:paragraph {\"className\":\"has-big-font-size\"} -->\n<p class=\"has-big-font-size\">Johannes Gutenberg University Mainz reserves the right to change, supplement, or delete its website, in part or in whole, without prior notice, or to remove publication from the internet temporarily or permanently.<\/p>\n<!-- \/wp:paragraph -->\n\n<!-- wp:paragraph {\"className\":\"has-big-font-size\"} -->\n<p class=\"has-big-font-size\">The website of Johannes Gutenberg University Mainz contains direct or indirect links to external web pages of third parties over whose content Johannes Gutenberg University Mainz has no influence. Die Verantwortlichkeit f\u00fcr diese fremden Inhalte liegt bei der\/dem jeweiligen Anbieter*in oder Betreiber*in der Webseiten. Johannes Gutenberg University Mainz has no knowledge of illegal or offensive content on the web pages of other providers linked to its website. Zum Zeitpunkt der jeweiligen Verlinkung dieser Webseiten wurde eine \u00dcberpr\u00fcfung auf m\u00f6gliche Rechtsverst\u00f6\u00dfe vorgenommen, wobei in diesem Zusammenhang keine rechtswidrigen oder anst\u00f6\u00dfigen Inhalte erkennbar waren. If the pages of external providers for which we provide links contain illegal or offensive content, Johannes Gutenberg University Mainz expressly distances itself from this content and will immediately remove the link in question as soon as we become aware of it.<\/p>\n<!-- \/wp:paragraph -->\n\n<!-- wp:spacer {\"height\":\"29px\"} -->\n<div style=\"height:29px\" aria-hidden=\"true\" class=\"wp-block-spacer\"><\/div>\n<!-- \/wp:spacer --><\/div><\/div>\n<!-- \/wp:jgu\/section -->","_links":{"self":[{"href":"https:\/\/eac.uni-mainz.de\/en\/wp-json\/wp\/v2\/pages\/10700","targetHints":{"allow":["GET"]}}],"collection":[{"href":"https:\/\/eac.uni-mainz.de\/en\/wp-json\/wp\/v2\/pages"}],"about":[{"href":"https:\/\/eac.uni-mainz.de\/en\/wp-json\/wp\/v2\/types\/page"}],"author":[{"embeddable":true,"href":"https:\/\/eac.uni-mainz.de\/en\/wp-json\/wp\/v2\/users\/1"}],"replies":[{"embeddable":true,"href":"https:\/\/eac.uni-mainz.de\/en\/wp-json\/wp\/v2\/comments?post=10700"}],"version-history":[{"count":7,"href":"https:\/\/eac.uni-mainz.de\/en\/wp-json\/wp\/v2\/pages\/10700\/revisions"}],"predecessor-version":[{"id":11356,"href":"https:\/\/eac.uni-mainz.de\/en\/wp-json\/wp\/v2\/pages\/10700\/revisions\/11356"}],"wp:attachment":[{"href":"https:\/\/eac.uni-mainz.de\/en\/wp-json\/wp\/v2\/media?parent=10700"}],"wp:term":[{"taxonomy":"category","embeddable":true,"href":"https:\/\/eac.uni-mainz.de\/en\/wp-json\/wp\/v2\/categories?post=10700"},{"taxonomy":"post_tag","embeddable":true,"href":"https:\/\/eac.uni-mainz.de\/en\/wp-json\/wp\/v2\/tags?post=10700"}],"curies":[{"name":"wp","href":"https:\/\/api.w.org\/{rel}","templated":true}]}}